{"id":6184,"date":"2021-06-16T09:45:59","date_gmt":"2021-06-16T08:45:59","guid":{"rendered":"https:\/\/holalemania.de\/warum-mit-holalemania-nach-deutschland-kommen"},"modified":"2025-09-17T12:28:22","modified_gmt":"2025-09-17T11:28:22","slug":"por-que-venir-a-alemania-con-holalemania","status":"publish","type":"page","link":"https:\/\/holalemania.de\/es\/por-que-venir-a-alemania-con-holalemania\/","title":{"rendered":"\u00bfPor qu\u00e9 venir a Alemania con Holalemania?"},"content":{"rendered":"<div class=\"wpb-content-wrapper\"><p>[vc_row][vc_column][vc_single_image image=&#8221;7826&#8243; img_size=&#8221;full&#8221; alignment=&#8221;center&#8221; css=&#8221;&#8221;][vc_row_inner][vc_column_inner width=&#8221;1\/4&#8243;][\/vc_column_inner][vc_column_inner width=&#8221;1\/2&#8243; centered_cont=&#8221;true&#8221; centered_cont_vertical=&#8221;true&#8221; background_color=&#8221;#87bdde&#8221; css=&#8221;.vc_custom_1625046235625{border-top-width: 15px !important;border-right-width: 15px !important;border-bottom-width: 15px !important;border-left-width: 15px !important;padding-top: 25px !important;padding-bottom: 25px !important;background-color: #87bdde !important;border-left-color: #ffffff !important;border-left-style: solid !important;border-right-color: #ffffff !important;border-right-style: solid !important;border-top-color: #ffffff !important;border-top-style: solid !important;border-bottom-color: #ffffff !important;border-bottom-style: solid !important;}&#8221; el_id=&#8221;head-text&#8221;][vc_custom_heading text=&#8221;\u00bfPOR QU\u00c9 VENIR A ALEMANIA<br \/>\nCON HOLALEMANIA?&#8221; font_container=&#8221;tag:h1|text_align:center|color:%23000000&#8243; google_fonts=&#8221;font_family:Montserrat%3Aregular%2C700|font_style:400%20regular%3A400%3Anormal&#8221;][vc_empty_space height=&#8221;20px&#8221;][vc_column_text css=&#8221;.vc_custom_1626266042278{margin-bottom: 0px !important;padding-top: 20px !important;}&#8221;]<\/p>\n<p style=\"text-align: center;\"><span style=\"color: #000000;\"><u><a style=\"color: #000000;\" href=\"https:\/\/holalemania.de\/\">Holalemania<\/a><\/u>\u00a0est\u00e1 siempre a tu lado durante todo el proceso: desde la primera solicitud o el primer contacto hasta la aclimataci\u00f3n completa aqu\u00ed en Alemania. Te ofrecemos todo el apoyo que necesitas para empezar a trabajar en Alemania sin tener ning\u00fan problema (reconocimiento de tu t\u00edtulo, b\u00fasqueda de vivienda y mucho m\u00e1s).<\/span><\/p>\n<p>[\/vc_column_text][\/vc_column_inner][vc_column_inner width=&#8221;1\/4&#8243;][\/vc_column_inner][\/vc_row_inner][\/vc_column][\/vc_row][vc_row type=&#8221;full_width_background&#8221; bg_color=&#8221;#f2f2f2&#8243; class=&#8221;l1&#8243;][vc_column width=&#8221;1\/6&#8243;][\/vc_column][vc_column width=&#8221;2\/3&#8243;][vc_custom_heading text=&#8221;BENEFICIATE DE NUESTRA RED&#8221; font_container=&#8221;tag:h1|text_align:center|color:%23000000&#8243; google_fonts=&#8221;font_family:Montserrat%3Aregular%2C700|font_style:400%20regular%3A400%3Anormal&#8221;][separator width=&#8221;200px&#8221; height=&#8221;1px&#8221; position=&#8221;center&#8221; color=&#8221;#222222&#8243; margin_top=&#8221;20px&#8221; margin_bottom=&#8221;20px&#8221;][vc_column_text css=&#8221;.vc_custom_1626255013740{padding-top: 20px !important;}&#8221;]<\/p>\n<p style=\"text-align: center;\"><span style=\"color: #000000;\">El camino hacia Alemania es apasionante y atractivo. Con nuestra red de hospitales p\u00fablicos y privados en toda Alemania, as\u00ed como nuestro equipo de apoyo, hace que el camino hacia Alemania sea mucho m\u00e1s f\u00e1cil que hacerlo por cuenta propia. El \u00fanico requisito que esperamos y que espera tu futuro empleador es la motivaci\u00f3n para aprender alem\u00e1n y lanzarte de lleno a esta aventura.<\/span><\/p>\n<p>[\/vc_column_text][vc_empty_space height=&#8221;20px&#8221;][\/vc_column][vc_column width=&#8221;1\/6&#8243;][\/vc_column][\/vc_row][vc_row equal_height=&#8221;yes&#8221; top_padding=&#8221;50&#8243;][vc_column width=&#8221;1\/4&#8243;][vc_hoverbox image=&#8221;5554&#8243; primary_title=&#8221;Contrato de trabajo permanente despu\u00e9s de 2 a\u00f1os&#8221; hover_title=&#8221;&#8221; shape=&#8221;square&#8221; hover_background_color=&#8221;custom&#8221; hover_custom_background=&#8221;#ecca25&#8243;]<\/p>\n<h3 style=\"text-align: center;\">En algunos hospitales, incluso al inicio del contrato de trabajo<\/h3>\n<p>[\/vc_hoverbox][\/vc_column][vc_column width=&#8221;1\/4&#8243;][vc_hoverbox image=&#8221;5554&#8243; primary_title=&#8221;Nueva experiencia personal y profesional&#8221; hover_title=&#8221;&#8221; shape=&#8221;square&#8221; hover_background_color=&#8221;custom&#8221; hover_custom_background=&#8221;#ecca25&#8243;]<\/p>\n<h3 style=\"text-align: center;\">Buenas oportunidades de desarrollo profesional y un enorme crecimiento en conocimientos<\/h3>\n<p>[\/vc_hoverbox][\/vc_column][vc_column width=&#8221;1\/4&#8243;][vc_hoverbox image=&#8221;5554&#8243; primary_title=&#8221;Salario inicial de 2.900 \u20ac y 30 d\u00edas de vacaciones&#8221; hover_title=&#8221;&#8221; shape=&#8221;square&#8221; hover_background_color=&#8221;custom&#8221; hover_custom_background=&#8221;#ecca25&#8243;]<\/p>\n<h3 style=\"text-align: center;\">Pago adicional por turnos nocturnos, durante el fin de semana, en d\u00edas feriados, etc.. &#8211;<br \/>\nHasta 8 d\u00edas adicionales por turnos nocturnos<\/h3>\n<p>[\/vc_hoverbox][\/vc_column][vc_column width=&#8221;1\/4&#8243;][vc_hoverbox image=&#8221;5554&#8243; primary_title=&#8221;Aprendizaje del idioma alem\u00e1n (financiado por el hospital)&#8221; hover_title=&#8221;&#8221; shape=&#8221;square&#8221; hover_background_color=&#8221;custom&#8221; hover_custom_background=&#8221;#ecca25&#8243;]<\/p>\n<h3 style=\"text-align: center;\">Despu\u00e9s de 6 a 8 meses en el nivel B2<\/h3>\n<p>[\/vc_hoverbox][\/vc_column][\/vc_row][vc_row equal_height=&#8221;yes&#8221;][vc_column width=&#8221;1\/4&#8243;][vc_hoverbox image=&#8221;5554&#8243; primary_title=&#8221;Buenas perspectivas de promoci\u00f3n y oportunidades de desarrollo profesional&#8221; hover_title=&#8221;&#8221; shape=&#8221;square&#8221; hover_background_color=&#8221;custom&#8221; hover_custom_background=&#8221;#ecca25&#8243;]<\/p>\n<h3 style=\"text-align: center;\">Numerosas posibilidades de especializaciones seg\u00fan el \u00e1rea de trabajo y el inter\u00e9s que exista<\/h3>\n<p>[\/vc_hoverbox][\/vc_column][vc_column width=&#8221;1\/4&#8243;][vc_hoverbox image=&#8221;5554&#8243; primary_title=&#8221;Salario m\u00e1s elevado en algunas \u00e1reas (quir\u00f3fano, cuidados intensivos, etc.)&#8221; hover_title=&#8221;&#8221; shape=&#8221;square&#8221; hover_background_color=&#8221;custom&#8221; hover_custom_background=&#8221;#ecca25&#8243;]<\/p>\n<h3 style=\"text-align: center;\">La formaci\u00f3n continua no s\u00f3lo ofrece un salario m\u00e1s alto, sino tambi\u00e9n tareas variadas y desafiantes<\/h3>\n<p>[\/vc_hoverbox][\/vc_column][vc_column width=&#8221;1\/4&#8243;][vc_hoverbox image=&#8221;5554&#8243; primary_title=&#8221;Buenas prestaciones sociales&#8221; hover_title=&#8221;&#8221; shape=&#8221;square&#8221; hover_background_color=&#8221;custom&#8221; hover_custom_background=&#8221;#ecca25&#8243;]<\/p>\n<h3 style=\"text-align: center;\">por ejemplo: salud, asistencia sanitaria, seguro de pensiones, previsi\u00f3n para la vejez, diversas ayudas a las familias<\/h3>\n<p>[\/vc_hoverbox][\/vc_column][vc_column width=&#8221;1\/4&#8243;][vc_hoverbox image=&#8221;5554&#8243; primary_title=&#8221;Apoyo de nuestra parte&#8221; hover_title=&#8221;&#8221; shape=&#8221;square&#8221; hover_background_color=&#8221;custom&#8221; hover_custom_background=&#8221;#ecca25&#8243;]<\/p>\n<h3 style=\"text-align: center;\">El reconocimiento de tu t\u00edtulo, la b\u00fasqueda de una vivienda, nuestro apoyo cuando eches de menos tu lugar de origen, con problemas en el \u00e1rea laboral, para traer a tu pareja, etc.<\/h3>\n<p>[\/vc_hoverbox][\/vc_column][\/vc_row][vc_row type=&#8221;full_width_background&#8221; bg_color=&#8221;#f2f2f2&#8243;][vc_column][vc_custom_heading text=&#8221;TRABAJAR EN ALEMANIA&#8221; font_container=&#8221;tag:h1|text_align:center|color:%23000000&#8243; google_fonts=&#8221;font_family:Montserrat%3Aregular%2C700|font_style:400%20regular%3A400%3Anormal&#8221;][separator width=&#8221;200px&#8221; height=&#8221;1px&#8221; position=&#8221;center&#8221; color=&#8221;#222222&#8243; margin_top=&#8221;20px&#8221; margin_bottom=&#8221;40px&#8221;][vc_row_inner][vc_column_inner width=&#8221;1\/2&#8243;][vc_custom_heading text=&#8221;Trabajar como enfermero\/a<br \/>\nen Alemania&#8221; font_container=&#8221;tag:h3|text_align:center|color:%23000000&#8243; use_theme_fonts=&#8221;yes&#8221;][vc_empty_space][vc_column_text]<\/p>\n<p style=\"text-align: justify;\">Las profesiones de enfermer\u00eda en Alemania constituyen el mayor grupo en el sector de la salud, y la demanda de enfermeros\/as cualificados es bastante elevada.<\/p>\n<p style=\"text-align: justify;\">Las dos preocupaciones m\u00e1s comunes que nuestros candidatos ven en esta aventura de venir a Alemania es el idioma alem\u00e1n y las tareas que un enfermero tiene en Alemania. Aqui en Alemania, la profesi\u00f3n de enfermero se define de forma diferente y se considera m\u00e1s amplia en comparaci\u00f3n con otros pa\u00edses.\u00a0 Incluye tanto los cuidados b\u00e1sicos como los de tratamiento. La filosof\u00eda detr\u00e1s de esto es el enfoque de la enfermer\u00eda orientado al paciente, en la que se evita tener el menor n\u00famero de personas a su cuidado.<\/p>\n<p style=\"text-align: justify;\">El enfermero es totalmente responsable de su grupo de pacientes desde el ingreso al hospital hasta el momento de su salida; y conoce muy bien el historial m\u00e9dico del paciente. Adem\u00e1s, las enfermeras\/os no se consideran asistentes de los m\u00e9dicos, sino un grupo profesional independiente.<\/p>\n<p style=\"text-align: justify;\">Nuestros candidatos valoran especialmente la jerarqu\u00eda plana y las oportunidades de ascenso que ofrecen los numerosos cursos de formaci\u00f3n y especializaci\u00f3n en enfermer\u00eda.<\/p>\n<p>M\u00e1s <a href=\"https:\/\/holalemania.de\/wp-content\/uploads\/2024\/04\/2024_Infobroschuere_ES_f.pdf\" target=\"_blank\" rel=\"noopener\"><strong>informaci\u00f3n<\/strong><\/a> sobre la migraci\u00f3n laboral en el sector sanitario en Alemania[\/vc_column_text][\/vc_column_inner][vc_column_inner width=&#8221;1\/2&#8243;][vc_custom_heading text=&#8221;Trabajar como matrona y<br \/>\nenfermera de maternidad en Alemania*&#8221; font_container=&#8221;tag:h3|text_align:center|color:%23000000&#8243; use_theme_fonts=&#8221;yes&#8221; css=&#8221;&#8221;][vc_empty_space][vc_column_text css=&#8221;&#8221;]<\/p>\n<p style=\"text-align: justify;\">La profesi\u00f3n de matrona y enfermera de maternidad goza de gran reputaci\u00f3n en Alemania.<\/p>\n<p style=\"text-align: justify;\">Al igual que en el caso de las enfermeras, las tareas de las matronas y las enfermeras de maternidad son algo diferentes que en el extranjero. En Alemania, las matronas y las enfermeras de maternidad tienen una gama de tareas bastante amplia y trabajan de forma m\u00e1s aut\u00f3noma (por ejemplo, realizando el U1). Esto suele requerir al inicio un periodo de integraci\u00f3n un tanto m\u00e1s prolonlado, ya que se tiene un mayor margen de decisi\u00f3n. Est\u00e1 autonomia y capacidad de decisi\u00f3n es bastante valorada. Seg\u00fan la ley una matrona puede, por ejemplo, dirigir un parto normal por s\u00ed sola (los m\u00e9dicos pueden hacer trabajo de parto sin matrona s\u00f3lo en casos de emergencia). La obligatoriedad de la presencia de la matrona durante el parto s\u00f3lo existe en Alemania. Seg\u00fan nuestra experiencia, muchas de nuestras candidatas\/os tambi\u00e9n valoran positivamente el trabajo en equipo con los m\u00e9dicos, ya que en Alemania hay menos jerarqu\u00eda entre m\u00e9dicos y matronas. Est\u00e1n, por asi decirlo, al mismo nivel. Al mismo tiempo, los m\u00e9dicos alemanes tienen un muy buen concepto sobre el trabajo en equipo con las matronas del sur de Europa, ya que poseen un s\u00f3lido conocimiento, est\u00e1n muy motivadas y son bastante colaboradoras<\/p>\n<p style=\"text-align: justify;\">Las matronas tambi\u00e9n nos cuenta de que los partos en Alemania son m\u00e1s polifac\u00e9ticos, debido a que hay m\u00e1s opciones para dar a luz de forma natural (pelota, ba\u00f1era, acupuntura, etc.) y menos ces\u00e1reas (aqu\u00ed no hay instrumentaci\u00f3n), y que la futura madre tambi\u00e9n participa m\u00e1s en el proceso de parto.<\/p>\n<p>* Solo v\u00e1lido para t\u00edtulos de la UE[\/vc_column_text][\/vc_column_inner][\/vc_row_inner][\/vc_column][\/vc_row][vc_row type=&#8221;full_width_background&#8221; top_padding=&#8221;0&#8243; bottom_padding=&#8221;0&#8243;][vc_column][vc_empty_space height=&#8221;15px&#8221;][\/vc_column][\/vc_row][vc_row type=&#8221;full_width_background&#8221; overlay=&#8221;true&#8221; overlay_color=&#8221;#ecca25&#8243; top_padding=&#8221;100&#8243; bottom_padding=&#8221;100&#8243; class=&#8221;ablauf&#8221;][vc_column][vc_custom_heading text=&#8221;PROCESO DE CONTRATACI\u00d3N Y RECONOCIMIENTO&#8221; font_container=&#8221;tag:h1|text_align:center|color:%23000000&#8243; google_fonts=&#8221;font_family:Montserrat%3Aregular%2C700|font_style:400%20regular%3A400%3Anormal&#8221; css=&#8221;&#8221;][separator width=&#8221;200px&#8221; height=&#8221;1px&#8221; position=&#8221;center&#8221; color=&#8221;#222222&#8243; margin_top=&#8221;20px&#8221; margin_bottom=&#8221;20px&#8221;][vc_row_inner css=&#8221;.vc_custom_1624631335740{padding-top: 30px !important;}&#8221;][vc_column_inner width=&#8221;1\/3&#8243;][vc_custom_heading text=&#8221;1&#8243; font_container=&#8221;tag:h1|font_size:80px|text_align:center|color:%23000000|line_height:80px&#8221; use_theme_fonts=&#8221;yes&#8221;][vc_custom_heading text=&#8221;Oferta de empleo\/solicitud espont\u00e1nea&#8221; font_container=&#8221;tag:p|text_align:center|color:%23000000&#8243; use_theme_fonts=&#8221;yes&#8221; css=&#8221;&#8221; link=&#8221;url:https%3A%2F%2Fholalemania.de%2Fes%2Fsolicitud|title:Bewerbung&#8221;][\/vc_column_inner][vc_column_inner width=&#8221;1\/3&#8243;][vc_custom_heading text=&#8221;2&#8243; font_container=&#8221;tag:h1|font_size:80px|text_align:center|color:%23000000|line_height:80px&#8221; use_theme_fonts=&#8221;yes&#8221;][vc_custom_heading text=&#8221;Entrevista de selecci\u00f3n (por v\u00eddeo)<br \/>\n1. con Holalemania<br \/>\n2. junto con Holalemania y el hospital&#8221; font_container=&#8221;tag:p|text_align:center|color:%23000000&#8243; use_theme_fonts=&#8221;yes&#8221; css=&#8221;&#8221;][\/vc_column_inner][vc_column_inner width=&#8221;1\/3&#8243;][vc_custom_heading text=&#8221;3&#8243; font_container=&#8221;tag:h1|font_size:80px|text_align:center|color:%23000000|line_height:80px&#8221; use_theme_fonts=&#8221;yes&#8221;][vc_custom_heading text=&#8221;Formaci\u00f3n ling\u00fc\u00edstica:<br \/>\nCurso de alem\u00e1n gratuito con certificado de idiomas (titulaci\u00f3n B2) entre 7 y 11 meses como m\u00e1ximo&#8221; font_container=&#8221;tag:p|text_align:center|color:%23000000&#8243; use_theme_fonts=&#8221;yes&#8221; css=&#8221;&#8221;][\/vc_column_inner][\/vc_row_inner][vc_row_inner css=&#8221;.vc_custom_1624631335740{padding-top: 30px !important;}&#8221;][vc_column_inner width=&#8221;1\/3&#8243;][vc_custom_heading text=&#8221;4&#8243; font_container=&#8221;tag:h1|font_size:80px|text_align:center|color:%23000000|line_height:80px&#8221; use_theme_fonts=&#8221;yes&#8221; css=&#8221;&#8221;][vc_custom_heading text=&#8221;Contrato de trabajo&#8221; font_container=&#8221;tag:p|text_align:center|color:%23000000&#8243; use_theme_fonts=&#8221;yes&#8221; css=&#8221;&#8221;][\/vc_column_inner][vc_column_inner width=&#8221;1\/3&#8243;][vc_custom_heading text=&#8221;5&#8243; font_container=&#8221;tag:h1|font_size:80px|text_align:center|color:%23000000|line_height:80px&#8221; use_theme_fonts=&#8221;yes&#8221;][vc_custom_heading text=&#8221;Obtenci\u00f3n de todos los<br \/>\ndocumentos pertinentes&#8221; font_container=&#8221;tag:p|text_align:center|color:%23000000&#8243; use_theme_fonts=&#8221;yes&#8221; css=&#8221;&#8221;][\/vc_column_inner][vc_column_inner width=&#8221;1\/3&#8243;][vc_custom_heading text=&#8221;6&#8243; font_container=&#8221;tag:h1|font_size:80px|text_align:center|color:%23000000|line_height:80px&#8221; use_theme_fonts=&#8221;yes&#8221;][vc_custom_heading text=&#8221;Entrada en Alemania&#8221; font_container=&#8221;tag:p|text_align:center|color:%23000000&#8243; use_theme_fonts=&#8221;yes&#8221; css=&#8221;&#8221;][\/vc_column_inner][\/vc_row_inner][vc_row_inner css=&#8221;.vc_custom_1624631335740{padding-top: 30px !important;}&#8221;][vc_column_inner width=&#8221;1\/3&#8243;][vc_custom_heading text=&#8221;7&#8243; font_container=&#8221;tag:h1|font_size:80px|text_align:center|color:%23000000|line_height:80px&#8221; use_theme_fonts=&#8221;yes&#8221;][vc_custom_heading text=&#8221;Inicio de las obras&#8221; font_container=&#8221;tag:p|text_align:center|color:%23000000&#8243; use_theme_fonts=&#8221;yes&#8221; css=&#8221;&#8221;][\/vc_column_inner][vc_column_inner width=&#8221;1\/3&#8243;][vc_custom_heading text=&#8221;8&#8243; font_container=&#8221;tag:h1|font_size:80px|text_align:center|color:%23000000|line_height:80px&#8221; use_theme_fonts=&#8221;yes&#8221; css=&#8221;&#8221;][vc_custom_heading text=&#8221;Apoyo durante el proceso de reconocimiento&#8221; font_container=&#8221;tag:p|text_align:center|color:%23000000&#8243; use_theme_fonts=&#8221;yes&#8221; css=&#8221;&#8221;][vc_column_text css=&#8221;&#8221;]<\/p>\n<p style=\"text-align: center;\"><span class='tooltipsall tooltip_post_id_custom_19957904cf75ef2d7c1d344a809ce355 classtoolTipsCustomShortCode' style='border-bottom:2px dotted #888;'>M\u00e1s informaci\u00f3n para candidatos de terceros pa\u00edses<\/span><script type=\"text\/javascript\">jQuery(\"document\").ready(function(){ toolTips('.tooltip_post_id_custom_19957904cf75ef2d7c1d344a809ce355','Holalemania le acompa\u00f1a a lo largo de todo el proceso de reconocimiento, desde la planificaci\u00f3n de las fechas de examen, pasando por la solicitud de los bonos de formaci\u00f3n, hasta la resoluci\u00f3n de problemas t\u00e9cnicos y ling\u00fc\u00edsticos\\.\\<br \\\/\\><br\/>Durante el procedimiento de reconocimiento, se compara la equivalencia de su propio t\u00edtulo de enfermero con el t\u00edtulo de enfermero alem\u00e1n\\. Si a\u00fan faltan contenidos de formaci\u00f3n, existen dos medidas diferentes para compensar las diferencias \\(los llamados \u00abd\u00e9ficits\u00bb\\)\\: Un curso de adaptaci\u00f3n o un examen de conocimientos\\. Tras superar con \u00e9xito la medida de compensaci\u00f3n y acreditar los conocimientos de alem\u00e1n necesarios, se expide el permiso para ejercer como cuidador\\.'); });<\/script><\/p>\n<p>[\/vc_column_text][\/vc_column_inner][vc_column_inner width=&#8221;1\/3&#8243;][vc_custom_heading text=&#8221;9&#8243; font_container=&#8221;tag:h1|font_size:80px|text_align:center|color:%23000000|line_height:80px&#8221; use_theme_fonts=&#8221;yes&#8221; css=&#8221;&#8221;][vc_custom_heading text=&#8221;Apoyo intensivo durante al menos otro a\u00f1o despu\u00e9s de empezar a trabajar, as\u00ed como apoyo para la reagrupaci\u00f3n familiar.&#8221; font_container=&#8221;tag:p|text_align:center|color:%23000000&#8243; use_theme_fonts=&#8221;yes&#8221; css=&#8221;&#8221;][\/vc_column_inner][\/vc_row_inner][\/vc_column][\/vc_row][vc_row type=&#8221;full_width_background&#8221; bg_color=&#8221;#ffffff&#8221;][vc_column][vc_custom_heading text=&#8221;CON NOSOTROS<br \/>\nAPRENDES ALEM\u00c1N&#8221; font_container=&#8221;tag:h1|text_align:center|color:%23000000&#8243; google_fonts=&#8221;font_family:Montserrat%3Aregular%2C700|font_style:400%20regular%3A400%3Anormal&#8221;][separator width=&#8221;200px&#8221; height=&#8221;1px&#8221; position=&#8221;center&#8221; color=&#8221;#222222&#8243; margin_top=&#8221;20px&#8221; margin_bottom=&#8221;20px&#8221;][vc_empty_space][\/vc_column][\/vc_row][vc_row equal_height=&#8221;yes&#8221; type=&#8221;full_width_background&#8221; bg_color=&#8221;#ffffff&#8221; top_padding=&#8221;0&#8243;][vc_column width=&#8221;1\/4&#8243;][vc_single_image image=&#8221;4891&#8243; alignment=&#8221;center&#8221; style=&#8221;vc_box_circle_2&#8243;][vc_empty_space height=&#8221;20px&#8221;][vc_column_text]<\/p>\n<div class=\"\">\n<div class=\"\" style=\"text-align: center;\">&#8220;Alcanc\u00e9 el nivel B2 de alem\u00e1n en tan solo unos meses y estoy muy contenta de haber podido dar ese paso tan importante. Me siento muy bien en mi hospital, y despu\u00e9s del primer a\u00f1o de mi inicio laboral he apoyado con mucho gusto a Holalemania con los colegas reci\u00e9n llegados.&#8221;<\/div>\n<\/div>\n<p>[\/vc_column_text][\/vc_column][vc_column width=&#8221;6\/12&#8243;][vc_custom_heading text=&#8221;\u00bfCuentas con conocimientos previos?&#8221; font_container=&#8221;tag:h3|text_align:center|color:%23000000&#8243; use_theme_fonts=&#8221;yes&#8221;][vc_empty_space][vc_tabs open_tab=&#8221;&#8221;][vc_tab title=&#8221;No, tengo poco o ning\u00fan conocimiento b\u00e1sico&#8221; tab_id=&#8221;724bac81-0c95-9&#8243;][vc_column_text]<\/p>\n<p style=\"text-align: center;\">Te ayudamos a encontrar la escuela de idiomas adecuada para ti<\/p>\n<p>[\/vc_column_text][vc_empty_space height=&#8221;20px&#8221;][vc_icon type=&#8221;entypo&#8221; icon_entypo=&#8221;entypo-icon entypo-icon-down-bold&#8221; color=&#8221;black&#8221; size=&#8221;xl&#8221; align=&#8221;center&#8221;][vc_row_inner][vc_column_inner width=&#8221;1\/3&#8243;][vc_column_text]<\/p>\n<p style=\"text-align: center;\">\u00bfCurso de idiomas en tu pa\u00eds (presencial) o en l\u00ednea? Es posible iniciar cada mes<\/p>\n<p>[\/vc_column_text][\/vc_column_inner][vc_column_inner width=&#8221;1\/3&#8243;][vc_column_text]<\/p>\n<p style=\"text-align: center;\">Los costos ser\u00e1n cubiertos<br \/>\npor tu futuro empleador<\/p>\n<p>[\/vc_column_text][\/vc_column_inner][vc_column_inner width=&#8221;1\/3&#8243;][vc_column_text]<\/p>\n<p style=\"text-align: center;\">Despu\u00e9s de 6-8 meses habr\u00e1s<br \/>\nalcanzado el nivel B2 requerido.<\/p>\n<p>[\/vc_column_text][\/vc_column_inner][\/vc_row_inner][vc_empty_space height=&#8221;20px&#8221;][vc_icon type=&#8221;entypo&#8221; icon_entypo=&#8221;entypo-icon entypo-icon-down-bold&#8221; color=&#8221;black&#8221; size=&#8221;xl&#8221; align=&#8221;center&#8221;][vc_column_text]<\/p>\n<p style=\"text-align: center;\">\u00a1Genial! Ahora puedes comenzar tu aventura y nosotros nos encargaremos de tu reconocimiento<\/p>\n<p>[\/vc_column_text][\/vc_tab][vc_tab title=&#8221;S\u00ed, incluso en el nivel B2&#8243; tab_id=&#8221;6ed28d43-5f89-0&#8243;][vc_column_text]<\/p>\n<p style=\"text-align: center;\">\u00a1Genial! Ahora puedes comenzar tu aventura y nosotros nos encargaremos de tu reconocimiento<\/p>\n<p>[\/vc_column_text][\/vc_tab][\/vc_tabs][\/vc_column][vc_column width=&#8221;1\/4&#8243;][vc_single_image image=&#8221;6527&#8243; alignment=&#8221;center&#8221; style=&#8221;vc_box_circle_2&#8243;][vc_empty_space height=&#8221;20px&#8221;][vc_column_text]<\/p>\n<div class=\"\">\n<div class=\"\" style=\"text-align: center;\">&#8220;Aprender alem\u00e1n puede ser todo un reto, pero con empe\u00f1o y ayuda es una inversi\u00f3n que puede abrirte puertas profesionalmente. Puedes sentir motivaci\u00f3n, reconocimiento y respeto.\u00a0Mas\u00a0all\u00e1 de esto, puedes trabajar realmente en condiciones dignas en el \u00e1rea de la enfermer\u00eda.&#8221;<\/div>\n<\/div>\n<p>[\/vc_column_text][\/vc_column][\/vc_row][vc_row type=&#8221;full_width_background&#8221; bg_color=&#8221;#87bdde&#8221; top_padding=&#8221;20&#8243; bottom_padding=&#8221;20&#8243; class=&#8221;ablauf&#8221;][vc_column][vc_custom_heading text=&#8221;NACIONALIDADES DE NUESTROS CANDIDATOS&#8221; font_container=&#8221;tag:h1|text_align:center|color:%23000000&#8243; google_fonts=&#8221;font_family:Montserrat%3Aregular%2C700|font_style:400%20regular%3A400%3Anormal&#8221;][separator width=&#8221;200px&#8221; height=&#8221;1px&#8221; position=&#8221;center&#8221; color=&#8221;#222222&#8243; margin_top=&#8221;20px&#8221; margin_bottom=&#8221;20px&#8221;][vc_single_image image=&#8221;7256&#8243; img_size=&#8221;full&#8221; alignment=&#8221;center&#8221;][vc_empty_space height=&#8221;20px&#8221;][vc_column_text]<\/p>\n<p style=\"text-align: center;\">Alban\u00e9s \u2013 Banglades\u00ed &#8211; Brasile\u00f1o &#8211; B\u00falgaro &#8211; Finland\u00e9s &#8211; Griego &#8211; Indio &#8211; Iran\u00ed &#8211; Italiano &#8211; Colombiano &#8211; Kosovar &#8211; Croata &#8211; Cubano &#8211; Lituano &#8211; Marroqu\u00ed &#8211; Macedonio &#8211; Mexicano &#8211; Nepal\u00e9s &#8211; Peruano &#8211; Filipino &#8211; Polaco &#8211; Portugu\u00e9s &#8211; Rumano &#8211; Ruso &#8211; Suizo &#8211; Espa\u00f1ol &#8211; Ucraniano &#8211; Vietnamita<\/p>\n<p>[\/vc_column_text][vc_empty_space height=&#8221;10px&#8221;][\/vc_column][\/vc_row][vc_row type=&#8221;full_width_background&#8221; bg_color=&#8221;#f2f2f2&#8243; bottom_padding=&#8221;0&#8243;][vc_column][vc_custom_heading text=&#8221;NUESTRA COOPERACI\u00d3N CON<br \/>\nESCUELAS DE LENGUAS ALEMANAS&#8221; font_container=&#8221;tag:h1|text_align:center|color:%23000000&#8243; google_fonts=&#8221;font_family:Montserrat%3Aregular%2C700|font_style:400%20regular%3A400%3Anormal&#8221;][separator width=&#8221;200px&#8221; height=&#8221;1px&#8221; position=&#8221;center&#8221; color=&#8221;#222222&#8243; margin_top=&#8221;20px&#8221; margin_bottom=&#8221;20px&#8221;][vc_column_text css=&#8221;.vc_custom_1626266235401{padding-top: 20px !important;}&#8221;]<\/p>\n<p style=\"text-align: center;\"><span style=\"color: #000000;\">Un buen conocimiento del alem\u00e1n es la clave del \u00e9xito para empezar a trabajar como enfermera\/o o matrona en Alemania. Por lo tanto, seleccionamos y cooperamos con algunas escuelas de idiomas, que ofrecen las mejores condiciones para alcanzar con \u00e9xito el dif\u00edcil objetivo de aprender alem\u00e1n hasta el nivel B2 en un periodo de 5 a 8 meses:<\/span><\/p>\n<p>[\/vc_column_text][vc_empty_space height=&#8221;20px&#8221;][vc_row_inner][vc_column_inner width=&#8221;1\/4&#8243;][services_medium style=&#8221;style_3&#8243; icon=&#8221;steadysets-icon-laptop&#8221; icon_color=&#8221;#87bdde&#8221; circle_color=&#8221;#ffffff&#8221; border_color=&#8221;#87bdde&#8221;]<\/p>\n<h3 style=\"text-align: center;\">LANGUAGELAB<br \/>\n(Roma- Curso-Online)<\/h3>\n<p>[\/services_medium][\/vc_column_inner][vc_column_inner width=&#8221;1\/4&#8243;][services_medium style=&#8221;style_3&#8243; icon=&#8221;steadysets-icon-book2&#8243; icon_color=&#8221;#87bdde&#8221; circle_color=&#8221;#ffffff&#8221; border_color=&#8221;#87bdde&#8221;]<\/p>\n<h3 style=\"text-align: center;\">NOVALIS INSTITUT<br \/>\n(Leche)<\/h3>\n<p>[\/services_medium][\/vc_column_inner][vc_column_inner width=&#8221;1\/4&#8243;][services_medium style=&#8221;style_3&#8243; icon=&#8221;steadysets-icon-book2&#8243; icon_color=&#8221;#87bdde&#8221; circle_color=&#8221;#ffffff&#8221; border_color=&#8221;#87bdde&#8221;]<\/p>\n<h3 style=\"text-align: center;\">DUAL<br \/>\n(Porto)<\/h3>\n<p>[\/services_medium][\/vc_column_inner][vc_column_inner width=&#8221;1\/4&#8243;][services_medium style=&#8221;style_3&#8243; icon=&#8221;steadysets-icon-laptop&#8221; icon_color=&#8221;#87bdde&#8221; circle_color=&#8221;#ffffff&#8221; border_color=&#8221;#87bdde&#8221;]<\/p>\n<h3 style=\"text-align: center;\">MOVE &amp; WORK<br \/>\n(Lisboa-curso online con seminarios presenciales)<\/h3>\n<p>[\/services_medium][\/vc_column_inner][\/vc_row_inner][vc_row_inner][vc_column_inner width=&#8221;1\/4&#8243;][services_medium style=&#8221;style_3&#8243; icon=&#8221;steadysets-icon-book2&#8243; icon_color=&#8221;#87bdde&#8221; circle_color=&#8221;#ffffff&#8221; border_color=&#8221;#87bdde&#8221;]<\/p>\n<h3 style=\"text-align: center;\">CARL DUISBERG CENTREN<br \/>\n(M\u00e9xico)<\/h3>\n<p>[\/services_medium][\/vc_column_inner][vc_column_inner width=&#8221;1\/4&#8243;][services_medium style=&#8221;style_3&#8243; icon=&#8221;steadysets-icon-laptop&#8221; icon_color=&#8221;#87bdde&#8221; circle_color=&#8221;#ffffff&#8221; border_color=&#8221;#87bdde&#8221;]<\/p>\n<h3 style=\"text-align: center;\">DEUTSCHAKADEMIE<br \/>\n(Online)<\/h3>\n<p>[\/services_medium][\/vc_column_inner][vc_column_inner width=&#8221;1\/4&#8243;][services_medium style=&#8221;style_3&#8243; icon=&#8221;steadysets-icon-book2&#8243; icon_color=&#8221;#87bdde&#8221; circle_color=&#8221;#ffffff&#8221; border_color=&#8221;#87bdde&#8221;]<\/p>\n<h3 style=\"text-align: center;\">PUNTO LINGUE<br \/>\n(N\u00e1poles- Mergellina)<\/h3>\n<p>[\/services_medium][\/vc_column_inner][vc_column_inner width=&#8221;1\/4&#8243;][services_medium style=&#8221;style_3&#8243; icon=&#8221;steadysets-icon-book2&#8243; icon_color=&#8221;#87bdde&#8221; circle_color=&#8221;#ffffff&#8221; border_color=&#8221;#87bdde&#8221;]<\/p>\n<h3 style=\"text-align: center;\">KOMALINGUA<br \/>\n(Civitanova Marche)<\/h3>\n<p>[\/services_medium][\/vc_column_inner][\/vc_row_inner][\/vc_column][\/vc_row][vc_row type=&#8221;full_width_background&#8221; top_padding=&#8221;0&#8243; bottom_padding=&#8221;0&#8243;][vc_column][vc_empty_space height=&#8221;15px&#8221;][\/vc_column][\/vc_row][vc_row type=&#8221;full_width_background&#8221; bg_image=&#8221;2906&#8243; bg_position=&#8221;center center&#8221; bg_color=&#8221;#ffffff&#8221; overlay=&#8221;true&#8221; overlay_color=&#8221;#ecca25&#8243; top_padding=&#8221;50&#8243; bottom_padding=&#8221;50&#8243;][vc_column][vc_custom_heading text=&#8221;NUESTRA COOPERACI\u00d3N<br \/>\nCON UNIVERSIDADES&#8221; font_container=&#8221;tag:h1|text_align:center|color:%23000000&#8243; google_fonts=&#8221;font_family:Montserrat%3Aregular%2C700|font_style:400%20regular%3A400%3Anormal&#8221;][separator width=&#8221;200px&#8221; height=&#8221;1px&#8221; position=&#8221;center&#8221; color=&#8221;#222222&#8243; margin_top=&#8221;20px&#8221; margin_bottom=&#8221;20px&#8221;][vc_column_text css=&#8221;.vc_custom_1626266257506{padding-top: 20px !important;}&#8221;]<\/p>\n<p style=\"text-align: center;\"><span style=\"color: #000000;\">Siempre estamos en contacto activo con diferentes universidades y realizamos ferias de empleo o<br \/>\neventos de reclutamiento de candidatos que cuentan con su t\u00edtulo profesional en enfermer\u00eda.<br \/>\nEntre algunas de las universidades con las cuales cooperamos se encuentran:<\/span><\/p>\n<p>[\/vc_column_text][vc_empty_space height=&#8221;20px&#8221;][vc_row_inner][vc_column_inner width=&#8221;1\/3&#8243;][services_medium style=&#8221;style_3&#8243; icon=&#8221;linecon-icon-study&#8221; icon_color=&#8221;#000000&#8243; circle_color=&#8221;#ffffff&#8221; border_color=&#8221;#000000&#8243;]<\/p>\n<h3 style=\"text-align: center;\">Universidad<br \/>\nde Padova<\/h3>\n<p>[\/services_medium][\/vc_column_inner][vc_column_inner width=&#8221;1\/3&#8243;][services_medium style=&#8221;style_3&#8243; icon=&#8221;linecon-icon-study&#8221; icon_color=&#8221;#000000&#8243; circle_color=&#8221;#ffffff&#8221; border_color=&#8221;#000000&#8243;]<\/p>\n<h3 style=\"text-align: center;\">Universidad de los<br \/>\nEstudios de Palermo<\/h3>\n<p>[\/services_medium][\/vc_column_inner][vc_column_inner width=&#8221;1\/3&#8243;][services_medium style=&#8221;style_3&#8243; icon=&#8221;linecon-icon-study&#8221; icon_color=&#8221;#000000&#8243; circle_color=&#8221;#ffffff&#8221; border_color=&#8221;#000000&#8243;]<\/p>\n<h3 style=\"text-align: center;\">Universidad<br \/>\nPolit\u00e9cnica Marche<\/h3>\n<p>[\/services_medium][\/vc_column_inner][\/vc_row_inner][\/vc_column][\/vc_row][vc_row type=&#8221;full_width_background&#8221; bg_color=&#8221;#ffffff&#8221; bottom_padding=&#8221;0&#8243;][vc_column width=&#8221;1\/6&#8243;][\/vc_column][vc_column width=&#8221;2\/3&#8243;][vc_custom_heading text=&#8221;NUESTROS SOCIOS&#8221; font_container=&#8221;tag:h1|text_align:center|color:%23000000&#8243; google_fonts=&#8221;font_family:Montserrat%3Aregular%2C700|font_style:400%20regular%3A400%3Anormal&#8221;][separator width=&#8221;200px&#8221; height=&#8221;1px&#8221; position=&#8221;center&#8221; color=&#8221;#222222&#8243; margin_top=&#8221;20px&#8221; margin_bottom=&#8221;20px&#8221;][vc_column_text css=&#8221;.vc_custom_1626097655876{padding-top: 20px !important;}&#8221;]<\/p>\n<p style=\"text-align: center;\"><span style=\"color: #000000;\">Para estar actualizados en todo momento, realizamos constantemente webinares y ferias de empleo para estar en contacto contigo. Entre algunos de nuestros socios actuales se encuentran:<\/span><\/p>\n<p>[\/vc_column_text][\/vc_column][vc_column width=&#8221;1\/6&#8243;][\/vc_column][\/vc_row][vc_row equal_height=&#8221;yes&#8221; top_padding=&#8221;0&#8243; bottom_padding=&#8221;0&#8243;][vc_column width=&#8221;1\/5&#8243;][services_medium style=&#8221;style_3&#8243; icon=&#8221;moon-checkmark-3&#8243; icon_color=&#8221;#87bdde&#8221; circle_color=&#8221;#ffffff&#8221; border_color=&#8221;#87bdde&#8221;]<\/p>\n<h3 style=\"text-align: center;\">CARL DUISBERG<br \/>\nCENTREN<\/h3>\n<p>[\/services_medium][\/vc_column][vc_column width=&#8221;1\/5&#8243;][services_medium style=&#8221;style_3&#8243; icon=&#8221;moon-checkmark-3&#8243; icon_color=&#8221;#87bdde&#8221; circle_color=&#8221;#ffffff&#8221; border_color=&#8221;#87bdde&#8221;]<\/p>\n<h3 style=\"text-align: center;\">AMPLIA<br \/>\n(Portugal, Italia, Polonia, Rumania)<\/h3>\n<p>[\/services_medium][\/vc_column][vc_column width=&#8221;1\/5&#8243;][services_medium style=&#8221;style_3&#8243; icon=&#8221;moon-checkmark-3&#8243; icon_color=&#8221;#87bdde&#8221; circle_color=&#8221;#ffffff&#8221; border_color=&#8221;#87bdde&#8221;]<\/p>\n<h3 style=\"text-align: center;\">EXPOMEDICS<\/h3>\n<p>[\/services_medium][\/vc_column][vc_column width=&#8221;1\/5&#8243;][services_medium style=&#8221;style_3&#8243; icon=&#8221;moon-checkmark-3&#8243; icon_color=&#8221;#87bdde&#8221; circle_color=&#8221;#ffffff&#8221; border_color=&#8221;#87bdde&#8221;]<\/p>\n<h3 style=\"text-align: center;\">EURES<\/h3>\n<p>[\/services_medium][\/vc_column][vc_column width=&#8221;1\/5&#8243;][services_medium style=&#8221;style_3&#8243; icon=&#8221;moon-checkmark-3&#8243; icon_color=&#8221;#87bdde&#8221; circle_color=&#8221;#ffffff&#8221; border_color=&#8221;#87bdde&#8221;]<\/p>\n<h3 style=\"text-align: center;\">NURSE24<\/h3>\n<p>[\/services_medium][\/vc_column][\/vc_row][vc_row type=&#8221;full_width_background&#8221; bg_image=&#8221;5840&#8243; bg_position=&#8221;center center&#8221; overlay=&#8221;true&#8221; overlay_color=&#8221;#87bdde&#8221; top_padding=&#8221;100&#8243; bottom_padding=&#8221;100&#8243; class=&#8221;vorteile&#8221;][vc_column][vc_custom_heading text=&#8221;TUS VENTAJAS CON HOLALEMANIA \/<br \/>\nLO QUE HACEMOS POR TI&#8221; font_container=&#8221;tag:h1|text_align:center|color:%23000000&#8243; google_fonts=&#8221;font_family:Montserrat%3Aregular%2C700|font_style:400%20regular%3A400%3Anormal&#8221;][separator width=&#8221;200px&#8221; height=&#8221;1px&#8221; position=&#8221;center&#8221; color=&#8221;#222222&#8243; margin_top=&#8221;20px&#8221; margin_bottom=&#8221;20px&#8221;][vc_empty_space height=&#8221;50px&#8221;][vc_tabs open_tab=&#8221;&#8221;][vc_tab title=&#8221;Vor der Ankunft&#8221; tab_id=&#8221;1625042271994-0-5&#8243;][vc_column_text]<\/p>\n<p style=\"text-align: center;\"><i class=\"moon-checkmark-3\"><\/i> Elecci\u00f3n del curso de alem\u00e1n (en el pa\u00eds de origen o en Alemania)<\/p>\n<p style=\"text-align: center;\"><i class=\"moon-checkmark-3\"><\/i> Elecci\u00f3n de un hospital adecuado para ti<\/p>\n<p style=\"text-align: center;\"><i class=\"moon-checkmark-3\"><\/i> Organizaci\u00f3n de la entrevista con tu futuro empleador<\/p>\n<p style=\"text-align: center;\"><i class=\"moon-checkmark-3\"><\/i> Apoyo integral durante tu estancia para una entrevista de trabajo en Alemania<\/p>\n<p style=\"text-align: center;\"><i class=\"moon-checkmark-3\"><\/i> Ayuda para compreender y resolver dudas sobre el contrato de trabajo<\/p>\n<p style=\"text-align: center;\"><i class=\"moon-checkmark-3\"><\/i> Apoyo con la preparaci\u00f3n de la transici\u00f3n a Alemania<\/p>\n<p style=\"text-align: center;\"><i class=\"moon-checkmark-3\"><\/i> Apoyo en la b\u00fasqueda de un alojamiento adecuado<\/p>\n<p style=\"text-align: center;\"><i class=\"moon-checkmark-3\"><\/i> Ayuda para el reconocimiento de tu t\u00edtulo profesional<\/p>\n<p>[\/vc_column_text][\/vc_tab][vc_tab title=&#8221;Nach der Ankunft&#8221; tab_id=&#8221;1625042274015-0-5&#8243;][vc_column_text]<\/p>\n<p style=\"text-align: center;\"><i class=\"moon-checkmark-3\"><\/i> Apoyo en todo lo relacionado con la burocr\u00e1cia alemana<\/p>\n<p style=\"text-align: center;\"><i class=\"moon-checkmark-3\"><\/i> Apoyo en los primeros retos pr\u00e1cticos en Alemania (contrato con una operadora telef\u00f3nica, etc.)<\/p>\n<p style=\"text-align: center;\"><i class=\"moon-checkmark-3\"><\/i> Apoyo si decides traer a tu pareja contigo<\/p>\n<p style=\"text-align: center;\"><i class=\"moon-checkmark-3\"><\/i> Guia de bienvenida con informaci\u00f3n \u00fatil (lista de m\u00e9dicos que hablan tu idioma, etc.)<\/p>\n<p style=\"text-align: center;\"><i class=\"moon-checkmark-3\"><\/i> Diversas charlas de orientaci\u00f3n durante el 1er. a\u00f1o de trabajo<\/p>\n<p style=\"text-align: center;\"><i class=\"moon-checkmark-3\"><\/i> Organizaci\u00f3n de encuentros con otros j\u00f3venes colegas de tu misma ciudad<\/p>\n<p>[\/vc_column_text][\/vc_tab][\/vc_tabs][\/vc_column][\/vc_row][vc_row type=&#8221;full_width_background&#8221; top_padding=&#8221;0&#8243; bottom_padding=&#8221;0&#8243;][vc_column][vc_empty_space height=&#8221;15px&#8221;][\/vc_column][\/vc_row]<\/p>\n<\/div>","protected":false},"excerpt":{"rendered":"<p>[vc_row][vc_column][vc_single_image image=&#8221;7826&#8243; img_size=&#8221;full&#8221; alignment=&#8221;center&#8221; css=&#8221;&#8221;][vc_row_inner][vc_column_inner width=&#8221;1\/4&#8243;][\/vc_column_inner][vc_column_inner width=&#8221;1\/2&#8243; centered_cont=&#8221;true&#8221; centered_cont_vertical=&#8221;true&#8221; background_color=&#8221;#87bdde&#8221; css=&#8221;.vc_custom_1625046235625{border-top-width: 15px !important;border-right-width: 15px !important;border-bottom-width: 15px !important;border-left-width: 15px !important;padding-top: 25px !important;padding-bottom: 25px !important;background-color: #87bdde !important;border-left-color: #ffffff !important;border-left-style: solid !important;border-right-color: #ffffff !important;border-right-style: solid !important;border-top-color: #ffffff !important;border-top-style: solid !important;border-bottom-color: #ffffff !important;border-bottom-style: solid !important;}&#8221; el_id=&#8221;head-text&#8221;][vc_custom_heading text=&#8221;\u00bfPOR QU\u00c9 VENIR A ALEMANIA CON HOLALEMANIA?&#8221; font_container=&#8221;tag:h1|text_align:center|color:%23000000&#8243; google_fonts=&#8221;font_family:Montserrat%3Aregular%2C700|font_style:400%20regular%3A400%3Anormal&#8221;][vc_empty_space height=&#8221;20px&#8221;][vc_column_text css=&#8221;.vc_custom_1626266042278{margin-bottom: 0px !important;padding-top: [&hellip;]<\/p>\n","protected":false},"author":1,"featured_media":7826,"parent":0,"menu_order":0,"comment_status":"closed","ping_status":"closed","template":"","meta":{"_acf_changed":false,"footnotes":""},"class_list":["post-6184","page","type-page","status-publish","has-post-thumbnail","hentry"],"acf":[],"_links":{"self":[{"href":"https:\/\/holalemania.de\/es\/wp-json\/wp\/v2\/pages\/6184","targetHints":{"allow":["GET"]}}],"collection":[{"href":"https:\/\/holalemania.de\/es\/wp-json\/wp\/v2\/pages"}],"about":[{"href":"https:\/\/holalemania.de\/es\/wp-json\/wp\/v2\/types\/page"}],"author":[{"embeddable":true,"href":"https:\/\/holalemania.de\/es\/wp-json\/wp\/v2\/users\/1"}],"replies":[{"embeddable":true,"href":"https:\/\/holalemania.de\/es\/wp-json\/wp\/v2\/comments?post=6184"}],"version-history":[{"count":10,"href":"https:\/\/holalemania.de\/es\/wp-json\/wp\/v2\/pages\/6184\/revisions"}],"predecessor-version":[{"id":8202,"href":"https:\/\/holalemania.de\/es\/wp-json\/wp\/v2\/pages\/6184\/revisions\/8202"}],"wp:featuredmedia":[{"embeddable":true,"href":"https:\/\/holalemania.de\/es\/wp-json\/wp\/v2\/media\/7826"}],"wp:attachment":[{"href":"https:\/\/holalemania.de\/es\/wp-json\/wp\/v2\/media?parent=6184"}],"curies":[{"name":"wp","href":"https:\/\/api.w.org\/{rel}","templated":true}]}}